{"id":13394,"date":"2021-05-20T09:02:34","date_gmt":"2021-05-20T09:02:34","guid":{"rendered":"https:\/\/www.bramex.de\/ro\/?page_id=13394"},"modified":"2025-06-26T13:17:15","modified_gmt":"2025-06-26T12:17:15","slug":"angajati-asigurarea-de-sanatate-publica-pentru-angajati","status":"publish","type":"page","link":"https:\/\/www.bramex.de\/ro\/angajati-asigurarea-de-sanatate-publica-pentru-angajati\/","title":{"rendered":"Angaja\u021bi asigurarea de s\u0103n\u0103tate public\u0103 pentru angaja\u021bi"},"content":{"rendered":"\t\t<div data-elementor-type=\"wp-page\" data-elementor-id=\"13394\" class=\"elementor elementor-13394\" data-elementor-post-type=\"page\">\n\t\t\t\t\t\t<section class=\"elementor-section elementor-top-section elementor-element elementor-element-106ff5b elementor-section-content-middle elementor-section-boxed elementor-section-height-default elementor-section-height-default\" data-id=\"106ff5b\" data-element_type=\"section\" data-e-type=\"section\">\n\t\t\t\t\t\t<div class=\"elementor-container elementor-column-gap-no\">\n\t\t\t\t\t<div class=\"elementor-column elementor-col-50 elementor-top-column elementor-element elementor-element-22bce28\" data-id=\"22bce28\" data-element_type=\"column\" data-e-type=\"column\">\n\t\t\t<div class=\"elementor-widget-wrap elementor-element-populated\">\n\t\t\t\t\t\t<div class=\"elementor-element elementor-element-4b39377 elementor-widget elementor-widget-image\" data-id=\"4b39377\" data-element_type=\"widget\" data-e-type=\"widget\" data-widget_type=\"image.default\">\n\t\t\t\t<div class=\"elementor-widget-container\">\n\t\t\t\t\t\t\t\t\t\t\t\t\t\t\t<img fetchpriority=\"high\" decoding=\"async\" width=\"679\" height=\"481\" src=\"https:\/\/www.bramex.de\/wp-content\/uploads\/2021\/02\/seguro-de-salud-para-empleados-6-2.png\" class=\"attachment-full size-full wp-image-7805\" alt=\"seguro de salud para empleados\" srcset=\"https:\/\/www.bramex.de\/wp-content\/uploads\/2021\/02\/seguro-de-salud-para-empleados-6-2.png 679w, https:\/\/www.bramex.de\/wp-content\/uploads\/2021\/02\/seguro-de-salud-para-empleados-6-2-300x213.png 300w\" sizes=\"(max-width: 679px) 100vw, 679px\" \/>\t\t\t\t\t\t\t\t\t\t\t\t\t\t\t<\/div>\n\t\t\t\t<\/div>\n\t\t\t\t\t<\/div>\n\t\t<\/div>\n\t\t\t\t<div class=\"elementor-column elementor-col-50 elementor-top-column elementor-element elementor-element-77eaa52\" data-id=\"77eaa52\" data-element_type=\"column\" data-e-type=\"column\">\n\t\t\t<div class=\"elementor-widget-wrap elementor-element-populated\">\n\t\t\t\t\t\t<div class=\"elementor-element elementor-element-5acb595 elementor-widget elementor-widget-heading\" data-id=\"5acb595\" data-element_type=\"widget\" data-e-type=\"widget\" data-widget_type=\"heading.default\">\n\t\t\t\t<div class=\"elementor-widget-container\">\n\t\t\t\t\t<h1 class=\"elementor-heading-title elementor-size-default\"><h1 class=\"titulo_interior\" style=\"text-align: center\">CUM SE DESF\u0102\u0218OAR\u0102 PROCESUL DE \u00ceNCHEIERE <span class=\"subrayado\"> ASIGUR\u0102RII <\/span>  A DUMNEAVOASTR\u0102 CU BRAMEX<\/h1> \n<\/h1>\t\t\t\t<\/div>\n\t\t\t\t<\/div>\n\t\t\t\t<div class=\"elementor-element elementor-element-6fc7377 elementor-position-inline-start elementor-view-default elementor-mobile-position-block-start elementor-widget elementor-widget-icon-box\" data-id=\"6fc7377\" data-element_type=\"widget\" data-e-type=\"widget\" data-widget_type=\"icon-box.default\">\n\t\t\t\t<div class=\"elementor-widget-container\">\n\t\t\t\t\t\t\t<div class=\"elementor-icon-box-wrapper\">\n\n\t\t\t\t\t\t<div class=\"elementor-icon-box-icon\">\n\t\t\t\t<span  class=\"elementor-icon\">\n\t\t\t\t<svg aria-hidden=\"true\" class=\"e-font-icon-svg e-fas-smile\" viewBox=\"0 0 496 512\" xmlns=\"http:\/\/www.w3.org\/2000\/svg\"><path d=\"M248 8C111 8 0 119 0 256s111 248 248 248 248-111 248-248S385 8 248 8zm80 168c17.7 0 32 14.3 32 32s-14.3 32-32 32-32-14.3-32-32 14.3-32 32-32zm-160 0c17.7 0 32 14.3 32 32s-14.3 32-32 32-32-14.3-32-32 14.3-32 32-32zm194.8 170.2C334.3 380.4 292.5 400 248 400s-86.3-19.6-114.8-53.8c-13.6-16.3 11-36.7 24.6-20.5 22.4 26.9 55.2 42.2 90.2 42.2s67.8-15.4 90.2-42.2c13.4-16.2 38.1 4.2 24.6 20.5z\"><\/path><\/svg>\t\t\t\t<\/span>\n\t\t\t<\/div>\n\t\t\t\n\t\t\t\t\t\t<div class=\"elementor-icon-box-content\">\n\n\t\t\t\t\t\t\t\t\t<h3 class=\"elementor-icon-box-title\">\n\t\t\t\t\t\t<span  >\n\t\t\t\t\t\t\tFormular\t\t\t\t\t\t<\/span>\n\t\t\t\t\t<\/h3>\n\t\t\t\t\n\t\t\t\t\t\t\t\t\t<p class=\"elementor-icon-box-description\">\n\t\t\t\t\t\tCompleta\u021bi formularul de mai jos.\t\t\t\t\t<\/p>\n\t\t\t\t\n\t\t\t<\/div>\n\t\t\t\n\t\t<\/div>\n\t\t\t\t\t\t<\/div>\n\t\t\t\t<\/div>\n\t\t\t\t<div class=\"elementor-element elementor-element-c52295b elementor-position-inline-start elementor-view-default elementor-mobile-position-block-start elementor-widget elementor-widget-icon-box\" data-id=\"c52295b\" data-element_type=\"widget\" data-e-type=\"widget\" data-widget_type=\"icon-box.default\">\n\t\t\t\t<div class=\"elementor-widget-container\">\n\t\t\t\t\t\t\t<div class=\"elementor-icon-box-wrapper\">\n\n\t\t\t\t\t\t<div class=\"elementor-icon-box-icon\">\n\t\t\t\t<span  class=\"elementor-icon\">\n\t\t\t\t<svg aria-hidden=\"true\" class=\"e-font-icon-svg e-fas-smile\" viewBox=\"0 0 496 512\" xmlns=\"http:\/\/www.w3.org\/2000\/svg\"><path d=\"M248 8C111 8 0 119 0 256s111 248 248 248 248-111 248-248S385 8 248 8zm80 168c17.7 0 32 14.3 32 32s-14.3 32-32 32-32-14.3-32-32 14.3-32 32-32zm-160 0c17.7 0 32 14.3 32 32s-14.3 32-32 32-32-14.3-32-32 14.3-32 32-32zm194.8 170.2C334.3 380.4 292.5 400 248 400s-86.3-19.6-114.8-53.8c-13.6-16.3 11-36.7 24.6-20.5 22.4 26.9 55.2 42.2 90.2 42.2s67.8-15.4 90.2-42.2c13.4-16.2 38.1 4.2 24.6 20.5z\"><\/path><\/svg>\t\t\t\t<\/span>\n\t\t\t<\/div>\n\t\t\t\n\t\t\t\t\t\t<div class=\"elementor-icon-box-content\">\n\n\t\t\t\t\t\t\t\t\t<h3 class=\"elementor-icon-box-title\">\n\t\t\t\t\t\t<span  >\n\t\t\t\t\t\t\tDEMERSURI\t\t\t\t\t\t<\/span>\n\t\t\t\t\t<\/h3>\n\t\t\t\t\n\t\t\t\t\t\t\t\t\t<p class=\"elementor-icon-box-description\">\n\t\t\t\t\t\tOdat\u0103 ce vom primi datele de la dvs., verific\u0103m dac\u0103 este totul corect \u0219i le trimitem companiei de asigur\u0103ri pe care a\u021bi ales-o.\n\t\t\t\t\t<\/p>\n\t\t\t\t\n\t\t\t<\/div>\n\t\t\t\n\t\t<\/div>\n\t\t\t\t\t\t<\/div>\n\t\t\t\t<\/div>\n\t\t\t\t<div class=\"elementor-element elementor-element-92b4d8a elementor-position-inline-start elementor-view-default elementor-mobile-position-block-start elementor-widget elementor-widget-icon-box\" data-id=\"92b4d8a\" data-element_type=\"widget\" data-e-type=\"widget\" data-widget_type=\"icon-box.default\">\n\t\t\t\t<div class=\"elementor-widget-container\">\n\t\t\t\t\t\t\t<div class=\"elementor-icon-box-wrapper\">\n\n\t\t\t\t\t\t<div class=\"elementor-icon-box-icon\">\n\t\t\t\t<span  class=\"elementor-icon\">\n\t\t\t\t<svg aria-hidden=\"true\" class=\"e-font-icon-svg e-fas-smile\" viewBox=\"0 0 496 512\" xmlns=\"http:\/\/www.w3.org\/2000\/svg\"><path d=\"M248 8C111 8 0 119 0 256s111 248 248 248 248-111 248-248S385 8 248 8zm80 168c17.7 0 32 14.3 32 32s-14.3 32-32 32-32-14.3-32-32 14.3-32 32-32zm-160 0c17.7 0 32 14.3 32 32s-14.3 32-32 32-32-14.3-32-32 14.3-32 32-32zm194.8 170.2C334.3 380.4 292.5 400 248 400s-86.3-19.6-114.8-53.8c-13.6-16.3 11-36.7 24.6-20.5 22.4 26.9 55.2 42.2 90.2 42.2s67.8-15.4 90.2-42.2c13.4-16.2 38.1 4.2 24.6 20.5z\"><\/path><\/svg>\t\t\t\t<\/span>\n\t\t\t<\/div>\n\t\t\t\n\t\t\t\t\t\t<div class=\"elementor-icon-box-content\">\n\n\t\t\t\t\t\t\t\t\t<h3 class=\"elementor-icon-box-title\">\n\t\t\t\t\t\t<span  >\n\t\t\t\t\t\t\tCONFIRMARE\t\t\t\t\t\t<\/span>\n\t\t\t\t\t<\/h3>\n\t\t\t\t\n\t\t\t\t\t\t\t\t\t<p class=\"elementor-icon-box-description\">\n\t\t\t\t\t\tVe\u021bi primi pe e-mail informa\u021bii despre c\u00e2nd \u0219i cum ve\u021bi intra \u00een posesia cardului de s\u0103n\u0103tate.\t\t\t\t\t<\/p>\n\t\t\t\t\n\t\t\t<\/div>\n\t\t\t\n\t\t<\/div>\n\t\t\t\t\t\t<\/div>\n\t\t\t\t<\/div>\n\t\t\t\t\t<\/div>\n\t\t<\/div>\n\t\t\t\t\t<\/div>\n\t\t<\/section>\n\t\t\t\t<section class=\"elementor-section elementor-top-section elementor-element elementor-element-436e74c elementor-section-stretched elementor-section-boxed elementor-section-height-default elementor-section-height-default\" data-id=\"436e74c\" data-element_type=\"section\" data-e-type=\"section\" data-settings=\"{&quot;stretch_section&quot;:&quot;section-stretched&quot;}\">\n\t\t\t\t\t\t<div class=\"elementor-container elementor-column-gap-default\">\n\t\t\t\t\t<div class=\"elementor-column elementor-col-100 elementor-top-column elementor-element elementor-element-e1fff90\" data-id=\"e1fff90\" data-element_type=\"column\" data-e-type=\"column\">\n\t\t\t<div class=\"elementor-widget-wrap elementor-element-populated\">\n\t\t\t\t\t\t<div class=\"elementor-element elementor-element-05cbc33 elementor-align-center elementor-button-warning elementor-widget elementor-widget-button\" data-id=\"05cbc33\" data-element_type=\"widget\" data-e-type=\"widget\" data-widget_type=\"button.default\">\n\t\t\t\t<div class=\"elementor-widget-container\">\n\t\t\t\t\t\t\t\t\t<div class=\"elementor-button-wrapper\">\n\t\t\t\t\t<a class=\"elementor-button elementor-button-link elementor-size-md\" href=\"https:\/\/www.bramex.de\/ro\/asigurarea-sanatatii-publice-procesul-de-contractare\/\">\n\t\t\t\t\t\t<span class=\"elementor-button-content-wrapper\">\n\t\t\t\t\t\t\t\t\t<span class=\"elementor-button-text\">\u00ceNCEPE\u021aI PROCESUL DE AFILIERE <\/span>\n\t\t\t\t\t<\/span>\n\t\t\t\t\t<\/a>\n\t\t\t\t<\/div>\n\t\t\t\t\t\t\t\t<\/div>\n\t\t\t\t<\/div>\n\t\t\t\t\t<\/div>\n\t\t<\/div>\n\t\t\t\t\t<\/div>\n\t\t<\/section>\n\t\t\t\t<section class=\"elementor-section elementor-top-section elementor-element elementor-element-faa855f elementor-section-boxed elementor-section-height-default elementor-section-height-default\" data-id=\"faa855f\" data-element_type=\"section\" data-e-type=\"section\">\n\t\t\t\t\t\t<div class=\"elementor-container elementor-column-gap-default\">\n\t\t\t\t\t<div class=\"elementor-column elementor-col-100 elementor-top-column elementor-element elementor-element-65aa3ba\" data-id=\"65aa3ba\" data-element_type=\"column\" data-e-type=\"column\">\n\t\t\t<div class=\"elementor-widget-wrap elementor-element-populated\">\n\t\t\t\t\t\t<div class=\"elementor-element elementor-element-a016bcf elementor-widget elementor-widget-text-editor\" data-id=\"a016bcf\" data-element_type=\"widget\" data-e-type=\"widget\" data-widget_type=\"text-editor.default\">\n\t\t\t\t<div class=\"elementor-widget-container\">\n\t\t\t\t\t\t\t\t\t<p>Dac\u0103 \u00eenc\u0103 nu \u0219ti\u021bi \u00een ce const\u0103 asigurarea de s\u0103n\u0103tate din Germania, dac\u0103 ave\u021bi \u00eentreb\u0103ri sau ave\u021bi nevoie de noi pentru a va ajuta s\u0103 verifica\u021bi cererea, v\u0103 st\u0103m la dispozi\u021bie. Pur \u0219i simplu completa\u021bi un scurt formular <strong><a href=\"https:\/\/www.bramex.de\/ro\/asigurarea-publica-de-sanatate-krankenkasse\/\">AICI<\/a>\u00a0<\/strong>\u0219i vom lua leg\u0103tura cu dvs. c\u00e2t mai cur\u00e2nd posibil.<\/p>\t\t\t\t\t\t\t\t<\/div>\n\t\t\t\t<\/div>\n\t\t\t\t\t<\/div>\n\t\t<\/div>\n\t\t\t\t\t<\/div>\n\t\t<\/section>\n\t\t\t\t<section class=\"elementor-section elementor-top-section elementor-element elementor-element-42677bd elementor-section-content-middle elementor-section-full_width elementor-section-height-default elementor-section-height-default\" data-id=\"42677bd\" data-element_type=\"section\" data-e-type=\"section\" data-settings=\"{&quot;background_background&quot;:&quot;classic&quot;}\">\n\t\t\t\t\t\t<div class=\"elementor-container elementor-column-gap-no\">\n\t\t\t\t\t<div class=\"elementor-column elementor-col-100 elementor-top-column elementor-element elementor-element-0f66040\" data-id=\"0f66040\" data-element_type=\"column\" data-e-type=\"column\">\n\t\t\t<div class=\"elementor-widget-wrap elementor-element-populated\">\n\t\t\t\t\t\t<section class=\"elementor-section elementor-inner-section elementor-element elementor-element-a4a1366 elementor-section-full_width elementor-section-height-default elementor-section-height-default\" data-id=\"a4a1366\" data-element_type=\"section\" data-e-type=\"section\">\n\t\t\t\t\t\t<div class=\"elementor-container elementor-column-gap-default\">\n\t\t\t\t\t<div class=\"elementor-column elementor-col-100 elementor-inner-column elementor-element elementor-element-66f5b55\" data-id=\"66f5b55\" data-element_type=\"column\" data-e-type=\"column\">\n\t\t\t<div class=\"elementor-widget-wrap elementor-element-populated\">\n\t\t\t\t\t\t<div class=\"elementor-element elementor-element-3498c1f elementor-widget elementor-widget-toggle\" data-id=\"3498c1f\" data-element_type=\"widget\" data-e-type=\"widget\" data-widget_type=\"toggle.default\">\n\t\t\t\t<div class=\"elementor-widget-container\">\n\t\t\t\t\t\t\t<div class=\"elementor-toggle\">\n\t\t\t\t\t\t\t<div class=\"elementor-toggle-item\">\n\t\t\t\t\t<div id=\"elementor-tab-title-5511\" class=\"elementor-tab-title\" data-tab=\"1\" role=\"button\" aria-controls=\"elementor-tab-content-5511\" aria-expanded=\"false\">\n\t\t\t\t\t\t\t\t\t\t\t\t<span class=\"elementor-toggle-icon elementor-toggle-icon-right\" aria-hidden=\"true\">\n\t\t\t\t\t\t\t\t\t\t\t\t\t\t\t<span class=\"elementor-toggle-icon-closed\"><svg class=\"e-font-icon-svg e-fas-caret-right\" viewBox=\"0 0 192 512\" xmlns=\"http:\/\/www.w3.org\/2000\/svg\"><path d=\"M0 384.662V127.338c0-17.818 21.543-26.741 34.142-14.142l128.662 128.662c7.81 7.81 7.81 20.474 0 28.284L34.142 398.804C21.543 411.404 0 402.48 0 384.662z\"><\/path><\/svg><\/span>\n\t\t\t\t\t\t\t\t<span class=\"elementor-toggle-icon-opened\"><svg class=\"elementor-toggle-icon-opened e-font-icon-svg e-fas-caret-up\" viewBox=\"0 0 320 512\" xmlns=\"http:\/\/www.w3.org\/2000\/svg\"><path d=\"M288.662 352H31.338c-17.818 0-26.741-21.543-14.142-34.142l128.662-128.662c7.81-7.81 20.474-7.81 28.284 0l128.662 128.662c12.6 12.599 3.676 34.142-14.142 34.142z\"><\/path><\/svg><\/span>\n\t\t\t\t\t\t\t\t\t\t\t\t\t<\/span>\n\t\t\t\t\t\t\t\t\t\t\t\t<a class=\"elementor-toggle-title\" tabindex=\"0\">CE SE \u00ceNT\u00c2MPL\u0102 DUP\u0102 TRIMITEREA DATELOR MELE LA BRAMEX?<\/a>\n\t\t\t\t\t<\/div>\n\n\t\t\t\t\t<div id=\"elementor-tab-content-5511\" class=\"elementor-tab-content elementor-clearfix\" data-tab=\"1\" role=\"region\" aria-labelledby=\"elementor-tab-title-5511\"><p>De \u00eendat\u0103 ce vom primi informa\u021biile pe care le-a\u021bi completat \u00een formular, <strong>le vom trimite companiei de asigur\u0103ri pe care a\u021bi ales-o<\/strong>. Ve\u021bi primi un r\u0103spuns automat de la noi pentru a <strong>confirma<\/strong> c\u0103 am primit toate datele.<\/p><p><strong>Vom trimite datele dumneavoastr\u0103 companiei de asigur\u0103ri imediat dup\u0103 primire.<\/strong> Compania de asigur\u0103ri va confirma c\u0103 totul este corect, \u00een termen de 24 de ore de la efectuarea cererii.<\/p><p><strong>Ve\u021bi primi confirmarea<\/strong> (scrisoare de bun venit) prin po\u0219t\u0103 la adresa pe care a\u021bi indicat-o (dureaz\u0103 \u00eentre 2 &#8211; 4 zile, \u00een func\u021bie de asigur\u0103tor). Legea impune ca aceast\u0103 confirmare s\u0103 fie trimis\u0103 prin po\u0219t\u0103.<\/p><p>\u00cen aceast\u0103 scrisoare ve\u021bi primi \u0219i <strong>un cod pentru a \u00eenc\u0103rca fotografia dvs pe site-ul asiguratorului<\/strong>. <strong>Aceast\u0103 fotografie va fi tip\u0103rit\u0103 pe cardul de asigurare.<\/strong><\/p><p>Ve\u021bi primi cardul de asigurare prin po\u0219t\u0103, la adresa dvs.<\/p><\/div>\n\t\t\t\t<\/div>\n\t\t\t\t\t\t\t<div class=\"elementor-toggle-item\">\n\t\t\t\t\t<div id=\"elementor-tab-title-5512\" class=\"elementor-tab-title\" data-tab=\"2\" role=\"button\" aria-controls=\"elementor-tab-content-5512\" aria-expanded=\"false\">\n\t\t\t\t\t\t\t\t\t\t\t\t<span class=\"elementor-toggle-icon elementor-toggle-icon-right\" aria-hidden=\"true\">\n\t\t\t\t\t\t\t\t\t\t\t\t\t\t\t<span class=\"elementor-toggle-icon-closed\"><svg class=\"e-font-icon-svg e-fas-caret-right\" viewBox=\"0 0 192 512\" xmlns=\"http:\/\/www.w3.org\/2000\/svg\"><path d=\"M0 384.662V127.338c0-17.818 21.543-26.741 34.142-14.142l128.662 128.662c7.81 7.81 7.81 20.474 0 28.284L34.142 398.804C21.543 411.404 0 402.48 0 384.662z\"><\/path><\/svg><\/span>\n\t\t\t\t\t\t\t\t<span class=\"elementor-toggle-icon-opened\"><svg class=\"elementor-toggle-icon-opened e-font-icon-svg e-fas-caret-up\" viewBox=\"0 0 320 512\" xmlns=\"http:\/\/www.w3.org\/2000\/svg\"><path d=\"M288.662 352H31.338c-17.818 0-26.741-21.543-14.142-34.142l128.662-128.662c7.81-7.81 20.474-7.81 28.284 0l128.662 128.662c12.6 12.599 3.676 34.142-14.142 34.142z\"><\/path><\/svg><\/span>\n\t\t\t\t\t\t\t\t\t\t\t\t\t<\/span>\n\t\t\t\t\t\t\t\t\t\t\t\t<a class=\"elementor-toggle-title\" tabindex=\"0\">\u00ceNC\u0102 NU AM O ADRES\u0102 PERMANENT\u0102. CE ADRES\u0102 TREBUIE S\u0102 TREC \u00ceN FORMULAR? <\/a>\n\t\t\t\t\t<\/div>\n\n\t\t\t\t\t<div id=\"elementor-tab-content-5512\" class=\"elementor-tab-content elementor-clearfix\" data-tab=\"2\" role=\"region\" aria-labelledby=\"elementor-tab-title-5512\"><p>Dac\u0103 nu ave\u021bi \u00eenc\u0103 o adres\u0103 fix\u0103, pute\u021bi utiliza temporar <strong>adresa unei rude sau a unei cuno\u0219tin\u021be.<\/strong><\/p><p>De \u00eendat\u0103 ce ave\u021bi o adres\u0103 permanent\u0103, <strong>ne pute\u021bi informa direct pe noi sau compania dvs. de asigur\u0103ri de s\u0103n\u0103tate <\/strong>pentru a face modificarea.<\/p><\/div>\n\t\t\t\t<\/div>\n\t\t\t\t\t\t\t<div class=\"elementor-toggle-item\">\n\t\t\t\t\t<div id=\"elementor-tab-title-5513\" class=\"elementor-tab-title\" data-tab=\"3\" role=\"button\" aria-controls=\"elementor-tab-content-5513\" aria-expanded=\"false\">\n\t\t\t\t\t\t\t\t\t\t\t\t<span class=\"elementor-toggle-icon elementor-toggle-icon-right\" aria-hidden=\"true\">\n\t\t\t\t\t\t\t\t\t\t\t\t\t\t\t<span class=\"elementor-toggle-icon-closed\"><svg class=\"e-font-icon-svg e-fas-caret-right\" viewBox=\"0 0 192 512\" xmlns=\"http:\/\/www.w3.org\/2000\/svg\"><path d=\"M0 384.662V127.338c0-17.818 21.543-26.741 34.142-14.142l128.662 128.662c7.81 7.81 7.81 20.474 0 28.284L34.142 398.804C21.543 411.404 0 402.48 0 384.662z\"><\/path><\/svg><\/span>\n\t\t\t\t\t\t\t\t<span class=\"elementor-toggle-icon-opened\"><svg class=\"elementor-toggle-icon-opened e-font-icon-svg e-fas-caret-up\" viewBox=\"0 0 320 512\" xmlns=\"http:\/\/www.w3.org\/2000\/svg\"><path d=\"M288.662 352H31.338c-17.818 0-26.741-21.543-14.142-34.142l128.662-128.662c7.81-7.81 20.474-7.81 28.284 0l128.662 128.662c12.6 12.599 3.676 34.142-14.142 34.142z\"><\/path><\/svg><\/span>\n\t\t\t\t\t\t\t\t\t\t\t\t\t<\/span>\n\t\t\t\t\t\t\t\t\t\t\t\t<a class=\"elementor-toggle-title\" tabindex=\"0\">TREBUIE S\u0102 AM DOMICILIUL \u00ceN GERMANIA \u00ceNAINTE DE A CONTRACTA ACEAST\u0102 ASIGURARE DE S\u0102N\u0102TATE?<\/a>\n\t\t\t\t\t<\/div>\n\n\t\t\t\t\t<div id=\"elementor-tab-content-5513\" class=\"elementor-tab-content elementor-clearfix\" data-tab=\"3\" role=\"region\" aria-labelledby=\"elementor-tab-title-5513\"><p>Nu, nu este necesar.<\/p><p>C\u00e2nd \u00eencepe\u021bi s\u0103 lucra\u021bi ca angajat (cu un salariu mai mare de 450 \u20ac brut\/lun\u0103), este <strong>obligatoriu<\/strong> s\u0103 \u00eencheia\u021bi aceast\u0103 asigurare. <strong>Nu trebuie s\u0103 fi\u021bi \u00eenregistrat<\/strong> la prim\u0103rie atunci c\u00e2nd \u00eel gestiona\u021bi.<\/p><p>V\u0103 pute\u021bi \u00eenregistra <strong>la o dat\u0103 ulterioar\u0103<\/strong>.<\/p><\/div>\n\t\t\t\t<\/div>\n\t\t\t\t\t\t\t<div class=\"elementor-toggle-item\">\n\t\t\t\t\t<div id=\"elementor-tab-title-5514\" class=\"elementor-tab-title\" data-tab=\"4\" role=\"button\" aria-controls=\"elementor-tab-content-5514\" aria-expanded=\"false\">\n\t\t\t\t\t\t\t\t\t\t\t\t<span class=\"elementor-toggle-icon elementor-toggle-icon-right\" aria-hidden=\"true\">\n\t\t\t\t\t\t\t\t\t\t\t\t\t\t\t<span class=\"elementor-toggle-icon-closed\"><svg class=\"e-font-icon-svg e-fas-caret-right\" viewBox=\"0 0 192 512\" xmlns=\"http:\/\/www.w3.org\/2000\/svg\"><path d=\"M0 384.662V127.338c0-17.818 21.543-26.741 34.142-14.142l128.662 128.662c7.81 7.81 7.81 20.474 0 28.284L34.142 398.804C21.543 411.404 0 402.48 0 384.662z\"><\/path><\/svg><\/span>\n\t\t\t\t\t\t\t\t<span class=\"elementor-toggle-icon-opened\"><svg class=\"elementor-toggle-icon-opened e-font-icon-svg e-fas-caret-up\" viewBox=\"0 0 320 512\" xmlns=\"http:\/\/www.w3.org\/2000\/svg\"><path d=\"M288.662 352H31.338c-17.818 0-26.741-21.543-14.142-34.142l128.662-128.662c7.81-7.81 20.474-7.81 28.284 0l128.662 128.662c12.6 12.599 3.676 34.142-14.142 34.142z\"><\/path><\/svg><\/span>\n\t\t\t\t\t\t\t\t\t\t\t\t\t<\/span>\n\t\t\t\t\t\t\t\t\t\t\t\t<a class=\"elementor-toggle-title\" tabindex=\"0\">DUREAZ\u0102 MAI MULT DEMERSURILE DAC\u0102 LE FAC PRIN BRAMEX DEC\u00c2T DAC\u0102 LE FAC DIRECT CU COMPANIA DE ASIGUR\u0102RI? CE AVANTAJE AM? <\/a>\n\t\t\t\t\t<\/div>\n\n\t\t\t\t\t<div id=\"elementor-tab-content-5514\" class=\"elementor-tab-content elementor-clearfix\" data-tab=\"4\" role=\"region\" aria-labelledby=\"elementor-tab-title-5514\"><p>Nu, nu va dura mai mult.<\/p><p><strong>Vom trimite datele companiei de asigur\u0103ri de s\u0103n\u0103tate imediat dup\u0103 primire.<\/strong><\/p><p><strong>Pa\u0219ii urma\u021bi de cererea de gestionare vor fi aceea\u0219i, <\/strong>indiferent dac\u0103 a\u021bi trimis datele prin noi sau le-a\u021bi trimis direct la compania de asigur\u0103ri de s\u0103n\u0103tate.<\/p><p>\u00cen Bramex, <strong>garant\u0103m sprijinul nostru<\/strong> pe tot parcursul procesului. \u00centotdeauna <strong>\u00een limba rom\u00e2n\u0103<\/strong>.<\/p><\/div>\n\t\t\t\t<\/div>\n\t\t\t\t\t\t\t\t<\/div>\n\t\t\t\t\t\t<\/div>\n\t\t\t\t<\/div>\n\t\t\t\t\t<\/div>\n\t\t<\/div>\n\t\t\t\t\t<\/div>\n\t\t<\/section>\n\t\t\t\t\t<\/div>\n\t\t<\/div>\n\t\t\t\t\t<\/div>\n\t\t<\/section>\n\t\t\t\t<\/div>\n\t\t","protected":false},"excerpt":{"rendered":"<p>CUM SE DESF\u0102\u0218OAR\u0102 PROCESUL DE \u00ceNCHEIERE ASIGUR\u0102RII A DUMNEAVOASTR\u0102 CU BRAMEX Formular Completa\u021bi formularul de mai jos. DEMERSURI Odat\u0103 ce vom primi datele de la dvs., verific\u0103m dac\u0103 este totul corect \u0219i le trimitem companiei de asigur\u0103ri pe care a\u021bi ales-o. CONFIRMARE Ve\u021bi primi pe e-mail informa\u021bii despre c\u00e2nd \u0219i cum ve\u021bi intra \u00een posesia &#8230; <a title=\"Angaja\u021bi asigurarea de s\u0103n\u0103tate public\u0103 pentru angaja\u021bi\" class=\"read-more\" href=\"https:\/\/www.bramex.de\/ro\/angajati-asigurarea-de-sanatate-publica-pentru-angajati\/\" aria-label=\"Cite\u0219te mai multe despre Angaja\u021bi asigurarea de s\u0103n\u0103tate public\u0103 pentru angaja\u021bi\">Cite\u0219te mai mult<\/a><\/p>\n","protected":false},"author":4,"featured_media":0,"parent":0,"menu_order":0,"comment_status":"closed","ping_status":"closed","template":"","meta":{"footnotes":""},"class_list":["post-13394","page","type-page","status-publish"],"yoast_head":"<!-- This site is optimized with the Yoast SEO plugin v27.4 - https:\/\/yoast.com\/product\/yoast-seo-wordpress\/ -->\n<title>Angaja\u021bi asigurarea de s\u0103n\u0103tate public\u0103 pentru angaja\u021bi<\/title>\n<meta name=\"robots\" content=\"index, follow, max-snippet:-1, max-image-preview:large, max-video-preview:-1\" \/>\n<link rel=\"canonical\" href=\"https:\/\/www.bramex.de\/ro\/angajati-asigurarea-de-sanatate-publica-pentru-angajati\/\" \/>\n<meta property=\"og:locale\" content=\"ro_RO\" \/>\n<meta property=\"og:type\" content=\"article\" \/>\n<meta property=\"og:title\" content=\"Angaja\u021bi asigurarea de s\u0103n\u0103tate public\u0103 pentru angaja\u021bi\" \/>\n<meta property=\"og:description\" content=\"CUM SE DESF\u0102\u0218OAR\u0102 PROCESUL DE \u00ceNCHEIERE ASIGUR\u0102RII A DUMNEAVOASTR\u0102 CU BRAMEX Formular Completa\u021bi formularul de mai jos. DEMERSURI Odat\u0103 ce vom primi datele de la dvs., verific\u0103m dac\u0103 este totul corect \u0219i le trimitem companiei de asigur\u0103ri pe care a\u021bi ales-o. CONFIRMARE Ve\u021bi primi pe e-mail informa\u021bii despre c\u00e2nd \u0219i cum ve\u021bi intra \u00een posesia ... Cite\u0219te mai mult\" \/>\n<meta property=\"og:url\" content=\"https:\/\/www.bramex.de\/ro\/angajati-asigurarea-de-sanatate-publica-pentru-angajati\/\" \/>\n<meta property=\"og:site_name\" content=\"Bramex\" \/>\n<meta property=\"article:publisher\" content=\"https:\/\/www.facebook.com\/bramexseguros\" \/>\n<meta property=\"article:modified_time\" content=\"2025-06-26T12:17:15+00:00\" \/>\n<meta property=\"og:image\" content=\"https:\/\/www.bramex.de\/wp-content\/uploads\/2021\/02\/seguro-de-salud-para-empleados-6-2.png\" \/>\n<meta name=\"twitter:card\" content=\"summary_large_image\" \/>\n<meta name=\"twitter:label1\" content=\"Timp estimat pentru citire\" \/>\n\t<meta name=\"twitter:data1\" content=\"3 minute\" \/>\n<script type=\"application\/ld+json\" class=\"yoast-schema-graph\">{\"@context\":\"https:\\\/\\\/schema.org\",\"@graph\":[{\"@type\":\"WebPage\",\"@id\":\"https:\\\/\\\/www.bramex.de\\\/ro\\\/angajati-asigurarea-de-sanatate-publica-pentru-angajati\\\/\",\"url\":\"https:\\\/\\\/www.bramex.de\\\/ro\\\/angajati-asigurarea-de-sanatate-publica-pentru-angajati\\\/\",\"name\":\"Angaja\u021bi asigurarea de s\u0103n\u0103tate public\u0103 pentru angaja\u021bi\",\"isPartOf\":{\"@id\":\"https:\\\/\\\/www.bramex.de\\\/#website\"},\"primaryImageOfPage\":{\"@id\":\"https:\\\/\\\/www.bramex.de\\\/ro\\\/angajati-asigurarea-de-sanatate-publica-pentru-angajati\\\/#primaryimage\"},\"image\":{\"@id\":\"https:\\\/\\\/www.bramex.de\\\/ro\\\/angajati-asigurarea-de-sanatate-publica-pentru-angajati\\\/#primaryimage\"},\"thumbnailUrl\":\"https:\\\/\\\/www.bramex.de\\\/wp-content\\\/uploads\\\/2021\\\/02\\\/seguro-de-salud-para-empleados-6-2.png\",\"datePublished\":\"2021-05-20T09:02:34+00:00\",\"dateModified\":\"2025-06-26T12:17:15+00:00\",\"breadcrumb\":{\"@id\":\"https:\\\/\\\/www.bramex.de\\\/ro\\\/angajati-asigurarea-de-sanatate-publica-pentru-angajati\\\/#breadcrumb\"},\"inLanguage\":\"ro-RO\",\"potentialAction\":[{\"@type\":\"ReadAction\",\"target\":[\"https:\\\/\\\/www.bramex.de\\\/ro\\\/angajati-asigurarea-de-sanatate-publica-pentru-angajati\\\/\"]}]},{\"@type\":\"ImageObject\",\"inLanguage\":\"ro-RO\",\"@id\":\"https:\\\/\\\/www.bramex.de\\\/ro\\\/angajati-asigurarea-de-sanatate-publica-pentru-angajati\\\/#primaryimage\",\"url\":\"https:\\\/\\\/www.bramex.de\\\/wp-content\\\/uploads\\\/2021\\\/02\\\/seguro-de-salud-para-empleados-6-2.png\",\"contentUrl\":\"https:\\\/\\\/www.bramex.de\\\/wp-content\\\/uploads\\\/2021\\\/02\\\/seguro-de-salud-para-empleados-6-2.png\"},{\"@type\":\"BreadcrumbList\",\"@id\":\"https:\\\/\\\/www.bramex.de\\\/ro\\\/angajati-asigurarea-de-sanatate-publica-pentru-angajati\\\/#breadcrumb\",\"itemListElement\":[{\"@type\":\"ListItem\",\"position\":1,\"name\":\"Portada\",\"item\":\"https:\\\/\\\/www.bramex.de\\\/ro\\\/consultanta-oficiala-asigurari-germania\\\/\"},{\"@type\":\"ListItem\",\"position\":2,\"name\":\"Angaja\u021bi asigurarea de s\u0103n\u0103tate public\u0103 pentru angaja\u021bi\"}]},{\"@type\":\"WebSite\",\"@id\":\"https:\\\/\\\/www.bramex.de\\\/#website\",\"url\":\"https:\\\/\\\/www.bramex.de\\\/\",\"name\":\"Bramex\",\"description\":\"Corredur\u00eda oficial en Alemania\",\"publisher\":{\"@id\":\"https:\\\/\\\/www.bramex.de\\\/#organization\"},\"potentialAction\":[{\"@type\":\"SearchAction\",\"target\":{\"@type\":\"EntryPoint\",\"urlTemplate\":\"https:\\\/\\\/www.bramex.de\\\/?s={search_term_string}\"},\"query-input\":{\"@type\":\"PropertyValueSpecification\",\"valueRequired\":true,\"valueName\":\"search_term_string\"}}],\"inLanguage\":\"ro-RO\"},{\"@type\":\"Organization\",\"@id\":\"https:\\\/\\\/www.bramex.de\\\/#organization\",\"name\":\"Bramex\",\"url\":\"https:\\\/\\\/www.bramex.de\\\/\",\"logo\":{\"@type\":\"ImageObject\",\"inLanguage\":\"ro-RO\",\"@id\":\"https:\\\/\\\/www.bramex.de\\\/#\\\/schema\\\/logo\\\/image\\\/\",\"url\":\"https:\\\/\\\/www.bramex.de\\\/wp-content\\\/uploads\\\/2021\\\/01\\\/bramex_esp.png\",\"contentUrl\":\"https:\\\/\\\/www.bramex.de\\\/wp-content\\\/uploads\\\/2021\\\/01\\\/bramex_esp.png\",\"width\":2560,\"height\":689,\"caption\":\"Bramex\"},\"image\":{\"@id\":\"https:\\\/\\\/www.bramex.de\\\/#\\\/schema\\\/logo\\\/image\\\/\"},\"sameAs\":[\"https:\\\/\\\/www.facebook.com\\\/bramexseguros\",\"https:\\\/\\\/www.youtube.com\\\/channel\\\/UC710Tp0JpVJ5pcvVLUO1o9w\",\"https:\\\/\\\/www.instagram.com\\\/bramexalemania\\\/\"]}]}<\/script>\n<!-- \/ Yoast SEO plugin. -->","yoast_head_json":{"title":"Angaja\u021bi asigurarea de s\u0103n\u0103tate public\u0103 pentru angaja\u021bi","robots":{"index":"index","follow":"follow","max-snippet":"max-snippet:-1","max-image-preview":"max-image-preview:large","max-video-preview":"max-video-preview:-1"},"canonical":"https:\/\/www.bramex.de\/ro\/angajati-asigurarea-de-sanatate-publica-pentru-angajati\/","og_locale":"ro_RO","og_type":"article","og_title":"Angaja\u021bi asigurarea de s\u0103n\u0103tate public\u0103 pentru angaja\u021bi","og_description":"CUM SE DESF\u0102\u0218OAR\u0102 PROCESUL DE \u00ceNCHEIERE ASIGUR\u0102RII A DUMNEAVOASTR\u0102 CU BRAMEX Formular Completa\u021bi formularul de mai jos. DEMERSURI Odat\u0103 ce vom primi datele de la dvs., verific\u0103m dac\u0103 este totul corect \u0219i le trimitem companiei de asigur\u0103ri pe care a\u021bi ales-o. CONFIRMARE Ve\u021bi primi pe e-mail informa\u021bii despre c\u00e2nd \u0219i cum ve\u021bi intra \u00een posesia ... Cite\u0219te mai mult","og_url":"https:\/\/www.bramex.de\/ro\/angajati-asigurarea-de-sanatate-publica-pentru-angajati\/","og_site_name":"Bramex","article_publisher":"https:\/\/www.facebook.com\/bramexseguros","article_modified_time":"2025-06-26T12:17:15+00:00","og_image":[{"url":"https:\/\/www.bramex.de\/wp-content\/uploads\/2021\/02\/seguro-de-salud-para-empleados-6-2.png","type":"","width":"","height":""}],"twitter_card":"summary_large_image","twitter_misc":{"Timp estimat pentru citire":"3 minute"},"schema":{"@context":"https:\/\/schema.org","@graph":[{"@type":"WebPage","@id":"https:\/\/www.bramex.de\/ro\/angajati-asigurarea-de-sanatate-publica-pentru-angajati\/","url":"https:\/\/www.bramex.de\/ro\/angajati-asigurarea-de-sanatate-publica-pentru-angajati\/","name":"Angaja\u021bi asigurarea de s\u0103n\u0103tate public\u0103 pentru angaja\u021bi","isPartOf":{"@id":"https:\/\/www.bramex.de\/#website"},"primaryImageOfPage":{"@id":"https:\/\/www.bramex.de\/ro\/angajati-asigurarea-de-sanatate-publica-pentru-angajati\/#primaryimage"},"image":{"@id":"https:\/\/www.bramex.de\/ro\/angajati-asigurarea-de-sanatate-publica-pentru-angajati\/#primaryimage"},"thumbnailUrl":"https:\/\/www.bramex.de\/wp-content\/uploads\/2021\/02\/seguro-de-salud-para-empleados-6-2.png","datePublished":"2021-05-20T09:02:34+00:00","dateModified":"2025-06-26T12:17:15+00:00","breadcrumb":{"@id":"https:\/\/www.bramex.de\/ro\/angajati-asigurarea-de-sanatate-publica-pentru-angajati\/#breadcrumb"},"inLanguage":"ro-RO","potentialAction":[{"@type":"ReadAction","target":["https:\/\/www.bramex.de\/ro\/angajati-asigurarea-de-sanatate-publica-pentru-angajati\/"]}]},{"@type":"ImageObject","inLanguage":"ro-RO","@id":"https:\/\/www.bramex.de\/ro\/angajati-asigurarea-de-sanatate-publica-pentru-angajati\/#primaryimage","url":"https:\/\/www.bramex.de\/wp-content\/uploads\/2021\/02\/seguro-de-salud-para-empleados-6-2.png","contentUrl":"https:\/\/www.bramex.de\/wp-content\/uploads\/2021\/02\/seguro-de-salud-para-empleados-6-2.png"},{"@type":"BreadcrumbList","@id":"https:\/\/www.bramex.de\/ro\/angajati-asigurarea-de-sanatate-publica-pentru-angajati\/#breadcrumb","itemListElement":[{"@type":"ListItem","position":1,"name":"Portada","item":"https:\/\/www.bramex.de\/ro\/consultanta-oficiala-asigurari-germania\/"},{"@type":"ListItem","position":2,"name":"Angaja\u021bi asigurarea de s\u0103n\u0103tate public\u0103 pentru angaja\u021bi"}]},{"@type":"WebSite","@id":"https:\/\/www.bramex.de\/#website","url":"https:\/\/www.bramex.de\/","name":"Bramex","description":"Corredur\u00eda oficial en Alemania","publisher":{"@id":"https:\/\/www.bramex.de\/#organization"},"potentialAction":[{"@type":"SearchAction","target":{"@type":"EntryPoint","urlTemplate":"https:\/\/www.bramex.de\/?s={search_term_string}"},"query-input":{"@type":"PropertyValueSpecification","valueRequired":true,"valueName":"search_term_string"}}],"inLanguage":"ro-RO"},{"@type":"Organization","@id":"https:\/\/www.bramex.de\/#organization","name":"Bramex","url":"https:\/\/www.bramex.de\/","logo":{"@type":"ImageObject","inLanguage":"ro-RO","@id":"https:\/\/www.bramex.de\/#\/schema\/logo\/image\/","url":"https:\/\/www.bramex.de\/wp-content\/uploads\/2021\/01\/bramex_esp.png","contentUrl":"https:\/\/www.bramex.de\/wp-content\/uploads\/2021\/01\/bramex_esp.png","width":2560,"height":689,"caption":"Bramex"},"image":{"@id":"https:\/\/www.bramex.de\/#\/schema\/logo\/image\/"},"sameAs":["https:\/\/www.facebook.com\/bramexseguros","https:\/\/www.youtube.com\/channel\/UC710Tp0JpVJ5pcvVLUO1o9w","https:\/\/www.instagram.com\/bramexalemania\/"]}]}},"_links":{"self":[{"href":"https:\/\/www.bramex.de\/ro\/wp-json\/wp\/v2\/pages\/13394","targetHints":{"allow":["GET"]}}],"collection":[{"href":"https:\/\/www.bramex.de\/ro\/wp-json\/wp\/v2\/pages"}],"about":[{"href":"https:\/\/www.bramex.de\/ro\/wp-json\/wp\/v2\/types\/page"}],"author":[{"embeddable":true,"href":"https:\/\/www.bramex.de\/ro\/wp-json\/wp\/v2\/users\/4"}],"replies":[{"embeddable":true,"href":"https:\/\/www.bramex.de\/ro\/wp-json\/wp\/v2\/comments?post=13394"}],"version-history":[{"count":0,"href":"https:\/\/www.bramex.de\/ro\/wp-json\/wp\/v2\/pages\/13394\/revisions"}],"wp:attachment":[{"href":"https:\/\/www.bramex.de\/ro\/wp-json\/wp\/v2\/media?parent=13394"}],"curies":[{"name":"wp","href":"https:\/\/api.w.org\/{rel}","templated":true}]}}